{"id":1709,"date":"2024-05-07T16:33:07","date_gmt":"2024-05-07T16:33:07","guid":{"rendered":"https:\/\/mimatest.net\/?page_id=1709"},"modified":"2025-09-25T09:44:19","modified_gmt":"2025-09-25T07:44:19","slug":"datenschutzerklaerung","status":"publish","type":"page","link":"https:\/\/mimatest.net\/en\/datenschutzerklaerung\/","title":{"rendered":"Privacy Policy"},"content":{"rendered":"<div data-elementor-type=\"wp-page\" data-elementor-id=\"1709\" class=\"elementor elementor-1709\">\n\t\t\t\t<div class=\"elementor-element elementor-element-532ebf2 e-con-full e-flex e-con e-parent\" data-id=\"532ebf2\" data-element_type=\"container\" data-e-type=\"container\" data-settings=\"{&quot;background_background&quot;:&quot;classic&quot;}\">\n\t\t\t\t<div class=\"elementor-element elementor-element-6012290 elementor-widget elementor-widget-heading\" data-id=\"6012290\" data-element_type=\"widget\" data-e-type=\"widget\" data-widget_type=\"heading.default\">\n\t\t\t\t<div class=\"elementor-widget-container\">\n\t\t\t\t\t<h2 class=\"elementor-heading-title elementor-size-default\">Datenschutzhinweise<\/h2>\t\t\t\t<\/div>\n\t\t\t\t<\/div>\n\t\t\t\t<div class=\"elementor-element elementor-element-abc64d1 elementor-widget elementor-widget-text-editor\" data-id=\"abc64d1\" data-element_type=\"widget\" data-e-type=\"widget\" data-widget_type=\"text-editor.default\">\n\t\t\t\t<div class=\"elementor-widget-container\">\n\t\t\t\t\t\t\t\t\t<p><span style=\"font-weight: 400;\">Liebe Besucherin, lieber Besucher dieser Website,<\/span><\/p><p><span style=\"font-weight: 400;\">der Schutz Ihrer personenbezogenen Daten ist nicht nur Ihnen, sondern auch uns, den Verantwortlichen der Website \u201eMimatest.net\u201c (im Folgenden \u201ewir\u201c, \u201euns\u201c), ein wichtiges Anliegen. Wir wissen Ihr Vertrauen darin, dass wir mit Ihren personenbezogenen Daten gewissenhaft und gesetzeskonform umgehen, sehr zu sch\u00e4tzen. Ihre Daten werden bei uns vertraulich behandelt.<\/span><\/p><p><span style=\"font-weight: 400;\">Mit diesen Datenschutzhinweisen m\u00f6chten wir nicht nur unserer gesetzlichen Pflicht aus Art. 13 und 14 DS\u2011GVO nachkommen, sondern Ihnen verst\u00e4ndlich beschreiben, welche personenbezogenen Daten beim Besuch unserer Website erhoben werden und wie wir mit ihnen umgehen.<\/span><\/p>\t\t\t\t\t\t\t\t<\/div>\n\t\t\t\t<\/div>\n\t\t\t\t<div class=\"elementor-element elementor-element-0affac5 elementor-widget elementor-widget-n-accordion\" data-id=\"0affac5\" data-element_type=\"widget\" data-e-type=\"widget\" data-settings=\"{&quot;default_state&quot;:&quot;all_collapsed&quot;,&quot;max_items_expended&quot;:&quot;one&quot;,&quot;n_accordion_animation_duration&quot;:{&quot;unit&quot;:&quot;ms&quot;,&quot;size&quot;:400,&quot;sizes&quot;:[]}}\" data-widget_type=\"nested-accordion.default\">\n\t\t\t\t<div class=\"elementor-widget-container\">\n\t\t\t\t\t\t\t<div class=\"e-n-accordion\" aria-label=\"Accordion. Open links with Enter or Space, close with Escape, and navigate with Arrow Keys\">\n\t\t\t\t\t\t<details id=\"e-n-accordion-item-1150\" class=\"e-n-accordion-item\" >\n\t\t\t\t<summary class=\"e-n-accordion-item-title\" data-accordion-index=\"1\" tabindex=\"0\" aria-expanded=\"false\" aria-controls=\"e-n-accordion-item-1150\" >\n\t\t\t\t\t<span class='e-n-accordion-item-title-header'><div class=\"e-n-accordion-item-title-text\"> Verantwortlicher <\/div><\/span>\n\t\t\t\t\t\t\t<span class='e-n-accordion-item-title-icon'>\n\t\t\t<span class='e-opened' ><i aria-hidden=\"true\" class=\"fas fa-minus\"><\/i><\/span>\n\t\t\t<span class='e-closed'><i aria-hidden=\"true\" class=\"fas fa-plus\"><\/i><\/span>\n\t\t<\/span>\n\n\t\t\t\t\t\t<\/summary>\n\t\t\t\t<div role=\"region\" aria-labelledby=\"e-n-accordion-item-1150\" class=\"elementor-element elementor-element-121e3d4 e-con-full e-flex e-con e-child\" data-id=\"121e3d4\" data-element_type=\"container\" data-e-type=\"container\">\n\t\t\t\t<div class=\"elementor-element elementor-element-05bd9e9 elementor-widget elementor-widget-text-editor\" data-id=\"05bd9e9\" data-element_type=\"widget\" data-e-type=\"widget\" data-widget_type=\"text-editor.default\">\n\t\t\t\t<div class=\"elementor-widget-container\">\n\t\t\t\t\t\t\t\t\t<p>Klaudia Sheko<\/p>\t\t\t\t\t\t\t\t<\/div>\n\t\t\t\t<\/div>\n\t\t\t\t<\/div>\n\t\t\t\t\t<\/details>\n\t\t\t\t\t\t<details id=\"e-n-accordion-item-1151\" class=\"e-n-accordion-item\" >\n\t\t\t\t<summary class=\"e-n-accordion-item-title\" data-accordion-index=\"2\" tabindex=\"-1\" aria-expanded=\"false\" aria-controls=\"e-n-accordion-item-1151\" >\n\t\t\t\t\t<span class='e-n-accordion-item-title-header'><div class=\"e-n-accordion-item-title-text\"> Kontaktdaten des Datenschutzbeauftragten <\/div><\/span>\n\t\t\t\t\t\t\t<span class='e-n-accordion-item-title-icon'>\n\t\t\t<span class='e-opened' ><i aria-hidden=\"true\" class=\"fas fa-minus\"><\/i><\/span>\n\t\t\t<span class='e-closed'><i aria-hidden=\"true\" class=\"fas fa-plus\"><\/i><\/span>\n\t\t<\/span>\n\n\t\t\t\t\t\t<\/summary>\n\t\t\t\t<div role=\"region\" aria-labelledby=\"e-n-accordion-item-1151\" class=\"elementor-element elementor-element-2cbbdc6 e-con-full e-flex e-con e-child\" data-id=\"2cbbdc6\" data-element_type=\"container\" data-e-type=\"container\">\n\t\t\t\t<div class=\"elementor-element elementor-element-5699edf elementor-widget elementor-widget-text-editor\" data-id=\"5699edf\" data-element_type=\"widget\" data-e-type=\"widget\" data-widget_type=\"text-editor.default\">\n\t\t\t\t<div class=\"elementor-widget-container\">\n\t\t\t\t\t\t\t\t\t<p><a href=\"\/en\/datenschutz@mimatest.net\/\">datenschutz@mimatest.net<\/a><\/p>\t\t\t\t\t\t\t\t<\/div>\n\t\t\t\t<\/div>\n\t\t\t\t<\/div>\n\t\t\t\t\t<\/details>\n\t\t\t\t\t<\/div>\n\t\t\t\t\t\t<\/div>\n\t\t\t\t<\/div>\n\t\t\t\t<div class=\"elementor-element elementor-element-489f39b elementor-widget elementor-widget-heading\" data-id=\"489f39b\" data-element_type=\"widget\" data-e-type=\"widget\" data-widget_type=\"heading.default\">\n\t\t\t\t<div class=\"elementor-widget-container\">\n\t\t\t\t\t<h3 class=\"elementor-heading-title elementor-size-default\">Nutzung der Website<\/h3>\t\t\t\t<\/div>\n\t\t\t\t<\/div>\n\t\t\t\t<div class=\"elementor-element elementor-element-2d31d62 elementor-widget elementor-widget-text-editor\" data-id=\"2d31d62\" data-element_type=\"widget\" data-e-type=\"widget\" data-widget_type=\"text-editor.default\">\n\t\t\t\t<div class=\"elementor-widget-container\">\n\t\t\t\t\t\t\t\t\t<p><span style=\"font-weight: 400;\">In diesem Abschnitt erfahren Sie, welche Ihrer Daten wir verarbeiten, um Ihnen unsere Website bereitzustellen.<\/span><\/p>\t\t\t\t\t\t\t\t<\/div>\n\t\t\t\t<\/div>\n\t\t\t\t<div class=\"elementor-element elementor-element-72d66de elementor-widget elementor-widget-n-accordion\" data-id=\"72d66de\" data-element_type=\"widget\" data-e-type=\"widget\" data-settings=\"{&quot;default_state&quot;:&quot;all_collapsed&quot;,&quot;max_items_expended&quot;:&quot;one&quot;,&quot;n_accordion_animation_duration&quot;:{&quot;unit&quot;:&quot;ms&quot;,&quot;size&quot;:400,&quot;sizes&quot;:[]}}\" data-widget_type=\"nested-accordion.default\">\n\t\t\t\t<div class=\"elementor-widget-container\">\n\t\t\t\t\t\t\t<div class=\"e-n-accordion\" aria-label=\"Accordion. Open links with Enter or Space, close with Escape, and navigate with Arrow Keys\">\n\t\t\t\t\t\t<details id=\"e-n-accordion-item-1200\" class=\"e-n-accordion-item\" >\n\t\t\t\t<summary class=\"e-n-accordion-item-title\" data-accordion-index=\"1\" tabindex=\"0\" aria-expanded=\"false\" aria-controls=\"e-n-accordion-item-1200\" >\n\t\t\t\t\t<span class='e-n-accordion-item-title-header'><div class=\"e-n-accordion-item-title-text\"> 1. Bereitstellung unserer Website <\/div><\/span>\n\t\t\t\t\t\t\t<span class='e-n-accordion-item-title-icon'>\n\t\t\t<span class='e-opened' ><i aria-hidden=\"true\" class=\"fas fa-minus\"><\/i><\/span>\n\t\t\t<span class='e-closed'><i aria-hidden=\"true\" class=\"fas fa-plus\"><\/i><\/span>\n\t\t<\/span>\n\n\t\t\t\t\t\t<\/summary>\n\t\t\t\t<div role=\"region\" aria-labelledby=\"e-n-accordion-item-1200\" class=\"elementor-element elementor-element-ea1a2f4 e-con-full e-flex e-con e-child\" data-id=\"ea1a2f4\" data-element_type=\"container\" data-e-type=\"container\">\n\t\t\t\t<div class=\"elementor-element elementor-element-ee4b3ed elementor-widget elementor-widget-text-editor\" data-id=\"ee4b3ed\" data-element_type=\"widget\" data-e-type=\"widget\" data-widget_type=\"text-editor.default\">\n\t\t\t\t<div class=\"elementor-widget-container\">\n\t\t\t\t\t\t\t\t\t<p><strong>1.1. Zwecke<\/strong><\/p><p>Diese Verarbeitung dient der Au\u00dfendarstellung unseres Unternehmens.<\/p><p><strong>1.2. Datenarten<\/strong><\/p><p>Wir verarbeiten dabei Verbindungsdaten (Zugriffsdaten und Endger\u00e4tedaten) als Kategorien auf Sie beziehbarer Daten.<\/p><p id=\"_33-rechtsgrundlage\"><strong>1.3. Rechtsgrundlage<\/strong><\/p><p>Die Rechtsgrundlage ist die Durchf\u00fchrung erforderlicher vorvertraglicher Ma\u00dfnahmen und Erf\u00fcllung von Vertr\u00e4gen gem. Art. 6 Abs. 1 UAbs. 1 lit. b DS-GVO.<\/p><p id=\"_34-erforderlichkeit\"><strong>1.4. Erforderlichkeit<\/strong><\/p><p>Die Verarbeitung der oben genannten auf Sie beziehbaren Daten ist erforderlich f\u00fcr Ihre Kontaktaufnahme mit uns. Falls Sie uns die oben genannten auf Sie beziehbaren Daten nicht zur Verf\u00fcgung stellen, k\u00f6nnen wir Ihnen unsere Website nicht darstellen.<\/p><p id=\"_35-speicherdauer\"><strong>1.5. Speicherdauer<\/strong><\/p><p>Die Speicherdauer ist f\u00fcr die Dauer der Browser-Session.<\/p><p>Die Speicherdauer durch YouTube ist bei angemeldetem Google-Konto bis zur L\u00f6schung der Daten innerhalb des Kontos durch den Nutzer oder bis zur L\u00f6schung des gesamten Google-Kontos durch den Nutzer sowie zwei Jahre f\u00fcr technisch notwendige Cookies. Ohne ein angemeldetes Google-Konto werden die Daten bis zur L\u00f6schung des YouTube-Suchverlaufs und YouTube-Wiedergabeverlaufs, sowie zwei Jahre f\u00fcr technisch notwendige Cookies gespeichert.<\/p>\t\t\t\t\t\t\t\t<\/div>\n\t\t\t\t<\/div>\n\t\t\t\t<\/div>\n\t\t\t\t\t<\/details>\n\t\t\t\t\t\t<details id=\"e-n-accordion-item-1201\" class=\"e-n-accordion-item\" >\n\t\t\t\t<summary class=\"e-n-accordion-item-title\" data-accordion-index=\"2\" tabindex=\"-1\" aria-expanded=\"false\" aria-controls=\"e-n-accordion-item-1201\" >\n\t\t\t\t\t<span class='e-n-accordion-item-title-header'><div class=\"e-n-accordion-item-title-text\"> 2. Sicherheit der Website <\/div><\/span>\n\t\t\t\t\t\t\t<span class='e-n-accordion-item-title-icon'>\n\t\t\t<span class='e-opened' ><i aria-hidden=\"true\" class=\"fas fa-minus\"><\/i><\/span>\n\t\t\t<span class='e-closed'><i aria-hidden=\"true\" class=\"fas fa-plus\"><\/i><\/span>\n\t\t<\/span>\n\n\t\t\t\t\t\t<\/summary>\n\t\t\t\t<div role=\"region\" aria-labelledby=\"e-n-accordion-item-1201\" class=\"elementor-element elementor-element-9e889b3 e-con-full e-flex e-con e-child\" data-id=\"9e889b3\" data-element_type=\"container\" data-e-type=\"container\">\n\t\t\t\t<div class=\"elementor-element elementor-element-cd3841f elementor-widget elementor-widget-text-editor\" data-id=\"cd3841f\" data-element_type=\"widget\" data-e-type=\"widget\" data-widget_type=\"text-editor.default\">\n\t\t\t\t<div class=\"elementor-widget-container\">\n\t\t\t\t\t\t\t\t\t<p id=\"_41-zwecke\"><strong>2.1 Zwecke<\/strong><\/p><p>Diese Verarbeitung dient der Gew\u00e4hrleistung des st\u00f6rungsfreien Betriebs der Website.<\/p><p id=\"_42-datenarten\"><strong>2.2 Datenarten<\/strong><\/p><p>Wir verarbeiten dabei Verbindungsdaten (Zugriffsdaten und Endger\u00e4tedaten) und Ihre Systeminformationen als Kategorien auf Sie beziehbarer Daten.<\/p><p id=\"_43-rechtsgrundlage\"><strong>2.3 Rechtsgrundlage<\/strong><\/p><p>Die Rechtsgrundlage ist Art. 6 Abs. 1 UAbs. 1 lit. f DS-GVO. Unser berechtigtes Interesse ist die Gew\u00e4hrleistung des st\u00f6rungsfreien Betriebs der Website.<\/p><p><strong>2.4 Speicherdauer<\/strong><\/p><p>Die Speicherdauer ist 30 Tage.<\/p><p><strong>2.5 Ihr Recht auf Widerspruch<\/strong><\/p><p>Sie haben gem. Art. 21 DS-GVO das Recht auf Widerspruch gegen die oben beschriebene Verarbeitung der auf Sie bezogenen Daten, wenn Gr\u00fcnde vorliegen, die sich aus Ihrer besonderen Situation ergeben oder Ihr Widerspruch gegen Direktwerbung gerichtet ist.<\/p><p>Sie k\u00f6nnen Ihr Widerspruchsrecht durch eine E-Mail an <a href=\"mailto:datenschutz@mimatest.net\">datenschutz@mimatest.net<\/a>\u00a0aus\u00fcben<\/p>\t\t\t\t\t\t\t\t<\/div>\n\t\t\t\t<\/div>\n\t\t\t\t<\/div>\n\t\t\t\t\t<\/details>\n\t\t\t\t\t\t<details id=\"e-n-accordion-item-1202\" class=\"e-n-accordion-item\" >\n\t\t\t\t<summary class=\"e-n-accordion-item-title\" data-accordion-index=\"3\" tabindex=\"-1\" aria-expanded=\"false\" aria-controls=\"e-n-accordion-item-1202\" >\n\t\t\t\t\t<span class='e-n-accordion-item-title-header'><div class=\"e-n-accordion-item-title-text\"> 3. Einwilligungsmanagement <\/div><\/span>\n\t\t\t\t\t\t\t<span class='e-n-accordion-item-title-icon'>\n\t\t\t<span class='e-opened' ><i aria-hidden=\"true\" class=\"fas fa-minus\"><\/i><\/span>\n\t\t\t<span class='e-closed'><i aria-hidden=\"true\" class=\"fas fa-plus\"><\/i><\/span>\n\t\t<\/span>\n\n\t\t\t\t\t\t<\/summary>\n\t\t\t\t<div role=\"region\" aria-labelledby=\"e-n-accordion-item-1202\" class=\"elementor-element elementor-element-50bd74c e-con-full e-flex e-con e-child\" data-id=\"50bd74c\" data-element_type=\"container\" data-e-type=\"container\">\n\t\t\t\t<div class=\"elementor-element elementor-element-7a70f74 elementor-widget elementor-widget-text-editor\" data-id=\"7a70f74\" data-element_type=\"widget\" data-e-type=\"widget\" data-widget_type=\"text-editor.default\">\n\t\t\t\t<div class=\"elementor-widget-container\">\n\t\t\t\t\t\t\t\t\t<p id=\"_51-zwecke\"><strong>3.1. Zwecke<\/strong><\/p><p>Diese Verarbeitung dient der Verwaltung und Dokumentation Ihrer Einwilligungen.<\/p><p>3.2. Datenarten<\/p><p>Wir verarbeiten dabei Einwilligungsdaten als auf Sie beziehbare Daten.<\/p><p><strong>3.3. Rechtsgrundlage<\/strong><\/p><p>Die Rechtsgrundlage ist unsere Nachweispflicht gem. Art. 6 Abs. 1 UAbs. 1 lit. c DS-GVO i. V. m. Art. 5 Abs. 2 und Art. 7 Abs. 1 DS-GVO.<\/p><p><strong>3.4. Speicherdauer<\/strong><\/p><p>Die Speicherdauer ist bis zum Widerruf Ihrer Einwilligung. Wir bewahren f\u00fcr drei Jahre ein L\u00f6schprotokoll auf.<\/p>\t\t\t\t\t\t\t\t<\/div>\n\t\t\t\t<\/div>\n\t\t\t\t<\/div>\n\t\t\t\t\t<\/details>\n\t\t\t\t\t<\/div>\n\t\t\t\t\t\t<\/div>\n\t\t\t\t<\/div>\n\t\t\t\t<div class=\"elementor-element elementor-element-192a4c1 elementor-widget elementor-widget-heading\" data-id=\"192a4c1\" data-element_type=\"widget\" data-e-type=\"widget\" data-widget_type=\"heading.default\">\n\t\t\t\t<div class=\"elementor-widget-container\">\n\t\t\t\t\t<h3 class=\"elementor-heading-title elementor-size-default\">Contact<\/h3>\t\t\t\t<\/div>\n\t\t\t\t<\/div>\n\t\t\t\t<div class=\"elementor-element elementor-element-268c3c4 elementor-widget elementor-widget-text-editor\" data-id=\"268c3c4\" data-element_type=\"widget\" data-e-type=\"widget\" data-widget_type=\"text-editor.default\">\n\t\t\t\t<div class=\"elementor-widget-container\">\n\t\t\t\t\t\t\t\t\t<p><span style=\"font-weight: 400;\">In diesem Kapitel erfahren Sie, wie Sie mit uns Kontakt aufnehmen k\u00f6nnen und welche Ihrer Daten wir bei einer Kontaktanfrage von Ihnen verarbeiten.<\/span><\/p>\t\t\t\t\t\t\t\t<\/div>\n\t\t\t\t<\/div>\n\t\t\t\t<div class=\"elementor-element elementor-element-55fb38f elementor-widget elementor-widget-n-accordion\" data-id=\"55fb38f\" data-element_type=\"widget\" data-e-type=\"widget\" data-settings=\"{&quot;default_state&quot;:&quot;all_collapsed&quot;,&quot;max_items_expended&quot;:&quot;one&quot;,&quot;n_accordion_animation_duration&quot;:{&quot;unit&quot;:&quot;ms&quot;,&quot;size&quot;:400,&quot;sizes&quot;:[]}}\" data-widget_type=\"nested-accordion.default\">\n\t\t\t\t<div class=\"elementor-widget-container\">\n\t\t\t\t\t\t\t<div class=\"e-n-accordion\" aria-label=\"Accordion. Open links with Enter or Space, close with Escape, and navigate with Arrow Keys\">\n\t\t\t\t\t\t<details id=\"e-n-accordion-item-9010\" class=\"e-n-accordion-item\" >\n\t\t\t\t<summary class=\"e-n-accordion-item-title\" data-accordion-index=\"1\" tabindex=\"0\" aria-expanded=\"false\" aria-controls=\"e-n-accordion-item-9010\" >\n\t\t\t\t\t<span class='e-n-accordion-item-title-header'><div class=\"e-n-accordion-item-title-text\"> 4. Kontaktaufnahme per Telefon, E-Mail und Chat <\/div><\/span>\n\t\t\t\t\t\t\t<span class='e-n-accordion-item-title-icon'>\n\t\t\t<span class='e-opened' ><i aria-hidden=\"true\" class=\"fas fa-minus\"><\/i><\/span>\n\t\t\t<span class='e-closed'><i aria-hidden=\"true\" class=\"fas fa-plus\"><\/i><\/span>\n\t\t<\/span>\n\n\t\t\t\t\t\t<\/summary>\n\t\t\t\t<div role=\"region\" aria-labelledby=\"e-n-accordion-item-9010\" class=\"elementor-element elementor-element-dc31c83 e-con-full e-flex e-con e-child\" data-id=\"dc31c83\" data-element_type=\"container\" data-e-type=\"container\">\n\t\t\t\t<div class=\"elementor-element elementor-element-c11be82 elementor-widget elementor-widget-text-editor\" data-id=\"c11be82\" data-element_type=\"widget\" data-e-type=\"widget\" data-widget_type=\"text-editor.default\">\n\t\t\t\t<div class=\"elementor-widget-container\">\n\t\t\t\t\t\t\t\t\t<p>Mimatest GmbH<br \/>Nestleinsberggasse 50<br \/>91550 Dinkelsb\u00fchl<br \/>Deutschland<\/p><p>Vertreten durch:<br \/>Herr Paul M. W\u00f6tzel<\/p><p>Kontakt:<br \/>Telefon: +49 (0) 172 2691064 (WhatsApp, Signal, Telegram)<br \/>E-Mail: post@mimatest.net<\/p>\t\t\t\t\t\t\t\t<\/div>\n\t\t\t\t<\/div>\n\t\t\t\t<\/div>\n\t\t\t\t\t<\/details>\n\t\t\t\t\t<\/div>\n\t\t\t\t\t\t<\/div>\n\t\t\t\t<\/div>\n\t\t\t\t<div class=\"elementor-element elementor-element-63b7a80 elementor-widget elementor-widget-heading\" data-id=\"63b7a80\" data-element_type=\"widget\" data-e-type=\"widget\" data-widget_type=\"heading.default\">\n\t\t\t\t<div class=\"elementor-widget-container\">\n\t\t\t\t\t<h3 class=\"elementor-heading-title elementor-size-default\">Marketing<\/h3>\t\t\t\t<\/div>\n\t\t\t\t<\/div>\n\t\t\t\t<div class=\"elementor-element elementor-element-c5e1827 elementor-widget elementor-widget-text-editor\" data-id=\"c5e1827\" data-element_type=\"widget\" data-e-type=\"widget\" data-widget_type=\"text-editor.default\">\n\t\t\t\t<div class=\"elementor-widget-container\">\n\t\t\t\t\t\t\t\t\t<p><span style=\"font-weight: 400;\">Lesen Sie in diesem Abschnitt, welche Ihrer Daten wir nutzen, wenn Sie auf unsere Werbeanzeigen klicken. Die Analyse Ihres Nutzerverhaltens hilft uns, unsere Werbeanzeigen und unser Angebot sowie die Website anhand Ihres Nutzerverhaltens zu verbessern. Sofern Sie unseren Newsletter abonniert haben und auf Links zu unseren Artikeln klicken, erkl\u00e4ren wir Ihnen, welche Ihrer Daten dabei genutzt werden.<\/span><\/p>\t\t\t\t\t\t\t\t<\/div>\n\t\t\t\t<\/div>\n\t\t\t\t<div class=\"elementor-element elementor-element-31c2328 elementor-widget elementor-widget-n-accordion\" data-id=\"31c2328\" data-element_type=\"widget\" data-e-type=\"widget\" data-settings=\"{&quot;default_state&quot;:&quot;all_collapsed&quot;,&quot;max_items_expended&quot;:&quot;one&quot;,&quot;n_accordion_animation_duration&quot;:{&quot;unit&quot;:&quot;ms&quot;,&quot;size&quot;:400,&quot;sizes&quot;:[]}}\" data-widget_type=\"nested-accordion.default\">\n\t\t\t\t<div class=\"elementor-widget-container\">\n\t\t\t\t\t\t\t<div class=\"e-n-accordion\" aria-label=\"Accordion. Open links with Enter or Space, close with Escape, and navigate with Arrow Keys\">\n\t\t\t\t\t\t<details id=\"e-n-accordion-item-5210\" class=\"e-n-accordion-item\" >\n\t\t\t\t<summary class=\"e-n-accordion-item-title\" data-accordion-index=\"1\" tabindex=\"0\" aria-expanded=\"false\" aria-controls=\"e-n-accordion-item-5210\" >\n\t\t\t\t\t<span class='e-n-accordion-item-title-header'><div class=\"e-n-accordion-item-title-text\"> 5. Nutzerverhaltensanalyse <\/div><\/span>\n\t\t\t\t\t\t\t<span class='e-n-accordion-item-title-icon'>\n\t\t\t<span class='e-opened' ><i aria-hidden=\"true\" class=\"fas fa-minus\"><\/i><\/span>\n\t\t\t<span class='e-closed'><i aria-hidden=\"true\" class=\"fas fa-plus\"><\/i><\/span>\n\t\t<\/span>\n\n\t\t\t\t\t\t<\/summary>\n\t\t\t\t<div role=\"region\" aria-labelledby=\"e-n-accordion-item-5210\" class=\"elementor-element elementor-element-9e82187 e-con-full e-flex e-con e-child\" data-id=\"9e82187\" data-element_type=\"container\" data-e-type=\"container\">\n\t\t\t\t<div class=\"elementor-element elementor-element-964012a elementor-widget elementor-widget-text-editor\" data-id=\"964012a\" data-element_type=\"widget\" data-e-type=\"widget\" data-widget_type=\"text-editor.default\">\n\t\t\t\t<div class=\"elementor-widget-container\">\n\t\t\t\t\t\t\t\t\t<p><strong>5.1. Zwecke<\/strong><\/p><p><span style=\"font-weight: 400;\">Diese Verarbeitung dient der Nutzerverhaltensanalyse.<\/span><\/p><p><strong>5.2. Datenarten<\/strong><\/p><p><span style=\"font-weight: 400;\">Wir verarbeiten dabei Ihre Verbindungsdaten (Zugriffs- und Endger\u00e4tedaten), Ihre Nutzungsdaten, Daten zu Ihrem Umgang mit unseren Werbeanzeigen, Ihre demografischen Daten, Ihre eindeutige Werbekennung und Ihre eindeutige Ger\u00e4tekennung als Kategorien auf Sie beziehbarer Daten.<\/span><\/p><p><strong>5.3. Rechtsgrundlage<\/strong><\/p><p><span style=\"font-weight: 400;\">Die Rechtsgrundlage ist Ihre ausdr\u00fcckliche Einwilligung in die Marketing-Analyse gem. Art. 6 Abs. 1 UAbs. 1 lit. a DS-GVO.<\/span><\/p><p><strong>5.4. Speicherdauer<\/strong><\/p><p><span style=\"font-weight: 400;\">Die Speicherdauer der Mimatest GmbH f\u00fcr diese Verarbeitung der oben genannten auf Sie beziehbaren Daten ist<\/span><\/p><ul><li style=\"font-weight: 400;\" aria-level=\"1\"><p><span style=\"font-weight: 400;\">bei Google Analytics 14 Monate (demografische Daten 2 Monate),<\/span><\/p><\/li><li style=\"font-weight: 400;\" aria-level=\"1\"><p><span style=\"font-weight: 400;\">bei Google-Ads-Tracking 24 Monate,<\/span><\/p><\/li><li style=\"font-weight: 400;\" aria-level=\"1\"><p><span style=\"font-weight: 400;\">bei Meta Pixel 24 Monate,<\/span><\/p><\/li><li style=\"font-weight: 400;\" aria-level=\"1\"><p><span style=\"font-weight: 400;\">bei Meta for Business 6 Monate,<\/span><\/p><\/li><li style=\"font-weight: 400;\" aria-level=\"1\"><p><span style=\"font-weight: 400;\">bei Meta Ads Manager 24 Monate,<\/span><\/p><\/li><li style=\"font-weight: 400;\" aria-level=\"1\"><p><span style=\"font-weight: 400;\">bei Microsoft Advertising 180 Tage,<\/span><\/p><\/li><li style=\"font-weight: 400;\" aria-level=\"1\"><p><span style=\"font-weight: 400;\">bei Pinterest Advertising 6 Monate,<\/span><\/p><\/li><li style=\"font-weight: 400;\" aria-level=\"1\"><p><span style=\"font-weight: 400;\">bei Spotify Ads 180 Tage,<\/span><\/p><\/li><li style=\"font-weight: 400;\" aria-level=\"1\"><p><span style=\"font-weight: 400;\">bei Twitter Advertising 6 Monate,<\/span><\/p><\/li><li style=\"font-weight: 400;\" aria-level=\"1\"><p><span style=\"font-weight: 400;\">und bei LinkedIn Insight-Tag 180 Tage.<\/span><\/p><\/li><\/ul><p><strong>5.5. Empf\u00e4nger<\/strong><\/p><p><span style=\"font-weight: 400;\">Die oben genannten auf Sie beziehbaren Daten werden an die Google LLC, 1600 Amphitheatre Pkwy., Mtn. View, CA 94043, USA, \u00fcbermittelt.<\/span><\/p><p><span style=\"font-weight: 400;\">Die oben genannten auf Sie beziehbaren Daten werden an die Meta Platforms Ireland Limited, 4 Grand Canal Place Grand Canal Harbour, Dublin 2, Irland, und die Meta Platforms, Inc., 1 Hacker Way Menlo Park, California 94025, CA, USA, \u00fcbermittelt.<\/span><\/p><p><span style=\"font-weight: 400;\">Die oben genannten auf Sie beziehbaren Daten werden an die Microsoft Corporation, One Microsoft Way, Redmond, WA 98052-6399, USA, \u00fcbermittelt.<\/span><\/p><p><span style=\"font-weight: 400;\">Die oben genannten auf Sie beziehbaren Daten werden an die Pinterest Europe Ltd., Palmerston House, 2nd Floor, Fenian Street, Dublin 2, Irland, \u00fcbermittelt.<\/span><\/p><p><span style=\"font-weight: 400;\">Die oben genannten auf Sie beziehbaren Daten werden an die Spotify AB, Regeringsgatan 19, 111 53 Stockholm, Schweden, und die Spotify USA Inc., 150 Greenwich Street, Floor 62, New York, NY 10007, USA, \u00fcbermittelt.<\/span><\/p><p><span style=\"font-weight: 400;\">Die oben genannten auf Sie beziehbaren Daten werden an die Twitter International Company, One Cumberland Place, Fenian Street, Dublin 2, D02 AX07, Irland, und die Twitter Inc., 1355 Market Street, Suite 900, San Francisco, CA 94103, USA, \u00fcbermittelt.<\/span><\/p><p><span style=\"font-weight: 400;\">Die oben genannten auf Sie beziehbaren Daten werden an die LinkedIn Ireland Unlimited Company, Wilton Place, Dublin 2, Irland, und die LinkedIn Corporation, 1000 West Maude Avenue, Sunnyvale, CA 94085, USA, \u00fcbermittelt.<\/span><\/p><p><span style=\"font-weight: 400;\">Die oben genannten auf Sie beziehbaren Daten werden in die USA als Drittland mit Angemessenheitsbeschluss gem. Art. 45 DS-GVO \u00fcbermittelt.<\/span><\/p><p><strong>8.6. Ihr Recht auf Widerruf Ihrer Einwilligung<\/strong><\/p><p><span style=\"font-weight: 400;\">Sie haben das Recht, Ihre Einwilligung jederzeit mit Wirkung f\u00fcr die Zukunft zu widerrufen. Die Rechtm\u00e4\u00dfigkeit der aufgrund Ihrer Einwilligung bis zum Widerruf erfolgten Verarbeitung wird davon nicht ber\u00fchrt.<\/span><\/p><p><span style=\"font-weight: 400;\">Sie k\u00f6nnen Ihre Einwilligung in diese Verarbeitungst\u00e4tigkeit jederzeit unter <\/span><span style=\"font-weight: 400;\">&lt;\/datenschutz\/#optOut&gt; widerrufen<\/span><span style=\"font-weight: 400;\">.<\/span><\/p><p><span style=\"font-weight: 400;\">Sie k\u00f6nnen Ihre Einwilligung in diese Verarbeitungst\u00e4tigkeit jederzeit per E-Mail an <\/span><a href=\"mailto:datenschutz@mimatest.net\"><span style=\"font-weight: 400;\">datenschutz@mimatest.net<\/span><\/a><span style=\"font-weight: 400;\">\u00a0widerrufen.<\/span><\/p>\t\t\t\t\t\t\t\t<\/div>\n\t\t\t\t<\/div>\n\t\t\t\t<\/div>\n\t\t\t\t\t<\/details>\n\t\t\t\t\t\t<details id=\"e-n-accordion-item-5211\" class=\"e-n-accordion-item\" >\n\t\t\t\t<summary class=\"e-n-accordion-item-title\" data-accordion-index=\"2\" tabindex=\"-1\" aria-expanded=\"false\" aria-controls=\"e-n-accordion-item-5211\" >\n\t\t\t\t\t<span class='e-n-accordion-item-title-header'><div class=\"e-n-accordion-item-title-text\"> 6. Anmeldung zu unserem Newsletter und Nutzerverhaltensanalyse <\/div><\/span>\n\t\t\t\t\t\t\t<span class='e-n-accordion-item-title-icon'>\n\t\t\t<span class='e-opened' ><i aria-hidden=\"true\" class=\"fas fa-minus\"><\/i><\/span>\n\t\t\t<span class='e-closed'><i aria-hidden=\"true\" class=\"fas fa-plus\"><\/i><\/span>\n\t\t<\/span>\n\n\t\t\t\t\t\t<\/summary>\n\t\t\t\t<div role=\"region\" aria-labelledby=\"e-n-accordion-item-5211\" class=\"elementor-element elementor-element-417c7f3 e-con-full e-flex e-con e-child\" data-id=\"417c7f3\" data-element_type=\"container\" data-e-type=\"container\">\n\t\t\t\t<div class=\"elementor-element elementor-element-56db34f elementor-widget elementor-widget-text-editor\" data-id=\"56db34f\" data-element_type=\"widget\" data-e-type=\"widget\" data-widget_type=\"text-editor.default\">\n\t\t\t\t<div class=\"elementor-widget-container\">\n\t\t\t\t\t\t\t\t\t<p><strong>6.1. Zwecke<\/strong><\/p><p><span style=\"font-weight: 400;\">Diese Verarbeitung dient dem Marketing und der Nutzerverhaltensanalyse.<\/span><span style=\"font-weight: 400;\"><br \/><\/span><\/p><p><strong>6.2. Datenarten<\/strong><\/p><p><span style=\"font-weight: 400;\">Wir verarbeiten dabei Ihre E-Mail-Adresse, Ihre Zugriffsdaten, E-Mail-Nutzerverhaltensdaten, Ihre Endger\u00e4tedaten, Ihre Verbindungsdaten, Ihre Einwilligungsdaten und die Anzahl Ihrer in der App eingereichten F\u00e4lle als Kategorien auf Sie beziehbarer Daten.<\/span><\/p><p><strong>6.3. Rechtsgrundlage<\/strong><\/p><p><span style=\"font-weight: 400;\">Die Rechtsgrundlage f\u00fcr die Anmeldung zu unserem Newsletter ist Ihre ausdr\u00fcckliche Einwilligung in das Newsletterabonnement gem. Art. 6 Abs. 1 UAbs. 1 lit. a DS-GVO.<\/span><\/p><p><span style=\"font-weight: 400;\">Die Rechtsgrundlage f\u00fcr die Nutzerverhaltensanalyse ist Art. 6 Abs. 1 UAbs. 1 lit. f DS-GVO. Unser berechtigtes Interesse ist die Marketinganalyse.<\/span><span style=\"font-weight: 400;\"><br \/><\/span><\/p><p><strong>6.4. Speicherdauer<\/strong><\/p><p><span style=\"font-weight: 400;\">Die Speicherdauer ist bis zum Widerruf Ihrer Einwilligung. Wir bewahren f\u00fcr drei Jahre ein L\u00f6schprotokoll auf.<\/span><\/p><p><strong>6.5. Ihr Recht auf Widerruf Ihrer Einwilligung (Anmeldung zu unserem Newsletter)<\/strong><\/p><p><span style=\"font-weight: 400;\">Sie haben das Recht, Ihre Einwilligung jederzeit mit Wirkung f\u00fcr die Zukunft zu widerrufen. Die Rechtm\u00e4\u00dfigkeit der aufgrund Ihrer Einwilligung bis zum Widerruf erfolgten Verarbeitung wird davon nicht ber\u00fchrt.<\/span><\/p><p><span style=\"font-weight: 400;\">Sie k\u00f6nnen Ihre Einwilligung in diese Verarbeitungst\u00e4tigkeit jederzeit unter dem Abmelde-Link am Ende eines jeden Newsletters widerrufen.<\/span><\/p><p><span style=\"font-weight: 400;\">Sie k\u00f6nnen Ihre Einwilligung in diese Verarbeitungst\u00e4tigkeit jederzeit per E-Mail an <\/span><a href=\"mailto:datenschutz@mimatest.net\"><span style=\"font-weight: 400;\">datenschutz@mimatest.net<\/span><\/a><span style=\"font-weight: 400;\">\u00a0widerrufen.<\/span><span style=\"font-weight: 400;\"><br \/><\/span><\/p><p><strong>6.6. Ihr Recht auf Widerspruch (Nutzerverhaltensanalyse)<\/strong><\/p><p><span style=\"font-weight: 400;\">Sie haben gem. Art. 21 DS-GVO das Recht auf Widerspruch gegen die oben beschriebene Verarbeitung der auf Sie beziehbaren Daten, wenn Gr\u00fcnde vorliegen, die sich aus Ihrer besonderen Situation ergeben oder Ihr Widerspruch gegen Direktwerbung gerichtet ist.<\/span><\/p><p><span style=\"font-weight: 400;\">Sie k\u00f6nnen Ihr Widerspruchsrecht jederzeit durch eine E-Mail an <\/span><a href=\"mailto:datenschutz@mimatest.net\"><span style=\"font-weight: 400;\">datenschutz@mimatest.net<\/span><\/a><span style=\"font-weight: 400;\">\u00a0aus\u00fcben.<\/span><\/p>\t\t\t\t\t\t\t\t<\/div>\n\t\t\t\t<\/div>\n\t\t\t\t<\/div>\n\t\t\t\t\t<\/details>\n\t\t\t\t\t<\/div>\n\t\t\t\t\t\t<\/div>\n\t\t\t\t<\/div>\n\t\t\t\t<div class=\"elementor-element elementor-element-8bcd2e2 elementor-widget elementor-widget-heading\" data-id=\"8bcd2e2\" data-element_type=\"widget\" data-e-type=\"widget\" data-widget_type=\"heading.default\">\n\t\t\t\t<div class=\"elementor-widget-container\">\n\t\t\t\t\t<h3 class=\"elementor-heading-title elementor-size-default\">Social-Media-Pr\u00e4senzen<\/h3>\t\t\t\t<\/div>\n\t\t\t\t<\/div>\n\t\t\t\t<div class=\"elementor-element elementor-element-dde049a elementor-widget elementor-widget-text-editor\" data-id=\"dde049a\" data-element_type=\"widget\" data-e-type=\"widget\" data-widget_type=\"text-editor.default\">\n\t\t\t\t<div class=\"elementor-widget-container\">\n\t\t\t\t\t\t\t\t\t<p><span style=\"font-weight: 400;\">In diesem Abschnitt haben wir Ihnen aufgelistet, auf welchen Plattformen wir, d.h. die Mimatest GmbH, vertreten ist und welche Ihrer Daten bei einem Besuch der Mimatest-Seite innerhalb der jeweiligen Plattform verarbeitet werden.<\/span><\/p>\t\t\t\t\t\t\t\t<\/div>\n\t\t\t\t<\/div>\n\t\t\t\t<div class=\"elementor-element elementor-element-041de96 elementor-widget elementor-widget-n-accordion\" data-id=\"041de96\" data-element_type=\"widget\" data-e-type=\"widget\" data-settings=\"{&quot;default_state&quot;:&quot;all_collapsed&quot;,&quot;max_items_expended&quot;:&quot;one&quot;,&quot;n_accordion_animation_duration&quot;:{&quot;unit&quot;:&quot;ms&quot;,&quot;size&quot;:400,&quot;sizes&quot;:[]}}\" data-widget_type=\"nested-accordion.default\">\n\t\t\t\t<div class=\"elementor-widget-container\">\n\t\t\t\t\t\t\t<div class=\"e-n-accordion\" aria-label=\"Accordion. Open links with Enter or Space, close with Escape, and navigate with Arrow Keys\">\n\t\t\t\t\t\t<details id=\"e-n-accordion-item-4310\" class=\"e-n-accordion-item\" >\n\t\t\t\t<summary class=\"e-n-accordion-item-title\" data-accordion-index=\"1\" tabindex=\"0\" aria-expanded=\"false\" aria-controls=\"e-n-accordion-item-4310\" >\n\t\t\t\t\t<span class='e-n-accordion-item-title-header'><div class=\"e-n-accordion-item-title-text\"> 7. Facebook-Pr\u00e4senz <\/div><\/span>\n\t\t\t\t\t\t\t<span class='e-n-accordion-item-title-icon'>\n\t\t\t<span class='e-opened' ><i aria-hidden=\"true\" class=\"fas fa-minus\"><\/i><\/span>\n\t\t\t<span class='e-closed'><i aria-hidden=\"true\" class=\"fas fa-plus\"><\/i><\/span>\n\t\t<\/span>\n\n\t\t\t\t\t\t<\/summary>\n\t\t\t\t<div role=\"region\" aria-labelledby=\"e-n-accordion-item-4310\" class=\"elementor-element elementor-element-90cc923 e-con-full e-flex e-con e-child\" data-id=\"90cc923\" data-element_type=\"container\" data-e-type=\"container\">\n\t\t\t\t<div class=\"elementor-element elementor-element-1b59398 elementor-widget elementor-widget-text-editor\" data-id=\"1b59398\" data-element_type=\"widget\" data-e-type=\"widget\" data-widget_type=\"text-editor.default\">\n\t\t\t\t<div class=\"elementor-widget-container\">\n\t\t\t\t\t\t\t\t\t<p><strong>7.1. Zwecke<\/strong><\/p><p><span style=\"font-weight: 400;\">Diese Verarbeitung dient der Au\u00dfendarstellung unseres Unternehmens.<\/span><span style=\"font-weight: 400;\"><br \/><\/span><\/p><p><strong>7.2. Datenarten<\/strong><\/p><p><span style=\"font-weight: 400;\">Wir verarbeiten dabei die von Ihnen zur Verf\u00fcgung gestellten Anfrageinhalte, Ihre Benutzerdaten und das Kommunikationsdatum als Kategorien auf Sie beziehbarer Daten.<\/span><span style=\"font-weight: 400;\"><br \/><\/span><\/p><p><strong>7.3. Rechtsgrundlage<\/strong><\/p><p><span style=\"font-weight: 400;\">Die Rechtsgrundlage ist die Durchf\u00fchrung erforderlicher vorvertraglicher Ma\u00dfnahmen und Erf\u00fcllung von Vertr\u00e4gen gem. Art. 6 Abs. 1 UAbs. 1 lit. b DS-GVO.<\/span><span style=\"font-weight: 400;\"><br \/><\/span><\/p><p><strong>7.4. Erforderlichkeit<\/strong><\/p><p><span style=\"font-weight: 400;\">Die Verarbeitung der oben genannten auf Sie beziehbaren Daten ist erforderlich f\u00fcr die Bearbeitung Ihrer Anfrage. Falls Sie uns die oben genannten auf Sie beziehbaren Daten nicht zur Verf\u00fcgung stellen, k\u00f6nnen wir Ihre Anfrage nicht bearbeiten.<\/span><span style=\"font-weight: 400;\"><br \/><\/span><\/p><p><strong>7.5. Speicherdauer<\/strong><\/p><p><span style=\"font-weight: 400;\">Die Speicherdauer ist bei angemeldetem Konto bis zur L\u00f6schung der Daten innerhalb des Kontos durch den Nutzer oder bis zur L\u00f6schung des gesamten Kontos durch den Nutzer sowie 5 Jahre f\u00fcr technisch notwendige Cookies. Ohne angemeldetes Konto betr\u00e4gt die Speicherdauer 5 Jahre f\u00fcr technisch notwendige Cookies.<\/span><span style=\"font-weight: 400;\"><br \/><\/span><\/p><p><strong>7.6. Empf\u00e4nger<\/strong><\/p><p><span style=\"font-weight: 400;\">Die oben genannten auf Sie beziehbaren Daten werden an die Meta Platforms Ireland Limited, 4 Grand Canal Place Grand Canal Harbour, Dublin 2, 2 Irland, und die Meta Platforms, Inc., 1 Hacker Way Menlo Park, California 94025, CA, USA, \u00fcbermittelt.<\/span><\/p><p><span style=\"font-weight: 400;\">Die oben genannten auf Sie beziehbaren Daten werden in die USA als Drittland mit Angemessenheitsbeschluss gem. Art. 45 DS-GVO \u00fcbermittelt.<\/span><\/p><p><strong>7.7. Weitere Informationen \u00fcber Gemeinsame Verantwortlichkeit<\/strong><\/p><p><span style=\"font-weight: 400;\">Wir haben mit der Meta Platforms Ireland Limited, 4 Grand Canal Place Grand Canal Harbour, Dublin 2, 2 Irland eine Vereinbarung \u00fcber die gemeinsame Verantwortlichkeit getroffen: <\/span><a href=\"https:\/\/www.facebook.com\/legal\/terms\/page_controller_addendum\"><span style=\"font-weight: 400;\">https:\/\/www.facebook.com\/legal\/terms\/page_controller_addendum<\/span><\/a><span style=\"font-weight: 400;\">.<\/span><\/p><p><span style=\"font-weight: 400;\">Das Unternehmen \u00fcbernimmt gem\u00e4\u00df dieser Vereinbarung die Erf\u00fcllung der Transparenzpflichten und Sie k\u00f6nnen sich hier \u00fcber die Verarbeitung Ihrer personenbezogenen Daten informieren: <\/span><a href=\"https:\/\/www.facebook.com\/legal\/terms\/information_about_page_insights_data\"><span style=\"font-weight: 400;\">https:\/\/www.facebook.com\/legal\/terms\/information_about_page_insights_data<\/span><\/a><span style=\"font-weight: 400;\">.<\/span><\/p>\t\t\t\t\t\t\t\t<\/div>\n\t\t\t\t<\/div>\n\t\t\t\t<\/div>\n\t\t\t\t\t<\/details>\n\t\t\t\t\t\t<details id=\"e-n-accordion-item-4311\" class=\"e-n-accordion-item\" >\n\t\t\t\t<summary class=\"e-n-accordion-item-title\" data-accordion-index=\"2\" tabindex=\"-1\" aria-expanded=\"false\" aria-controls=\"e-n-accordion-item-4311\" >\n\t\t\t\t\t<span class='e-n-accordion-item-title-header'><div class=\"e-n-accordion-item-title-text\"> 8. Instagram-Pr\u00e4senz <\/div><\/span>\n\t\t\t\t\t\t\t<span class='e-n-accordion-item-title-icon'>\n\t\t\t<span class='e-opened' ><i aria-hidden=\"true\" class=\"fas fa-minus\"><\/i><\/span>\n\t\t\t<span class='e-closed'><i aria-hidden=\"true\" class=\"fas fa-plus\"><\/i><\/span>\n\t\t<\/span>\n\n\t\t\t\t\t\t<\/summary>\n\t\t\t\t<div role=\"region\" aria-labelledby=\"e-n-accordion-item-4311\" class=\"elementor-element elementor-element-a517e12 e-con-full e-flex e-con e-child\" data-id=\"a517e12\" data-element_type=\"container\" data-e-type=\"container\">\n\t\t\t\t<div class=\"elementor-element elementor-element-e4d9831 elementor-widget elementor-widget-text-editor\" data-id=\"e4d9831\" data-element_type=\"widget\" data-e-type=\"widget\" data-widget_type=\"text-editor.default\">\n\t\t\t\t<div class=\"elementor-widget-container\">\n\t\t\t\t\t\t\t\t\t<p><strong>8.1. Zwecke<\/strong><\/p><p><span style=\"font-weight: 400;\">Diese Verarbeitung dient der Au\u00dfendarstellung unseres Unternehmens.<\/span><span style=\"font-weight: 400;\"><br \/><\/span><\/p><p><strong>8.2. Datenarten<\/strong><\/p><p><span style=\"font-weight: 400;\">Wir verarbeiten dabei die von Ihnen zur Verf\u00fcgung gestellten Anfrageinhalte, Ihre Benutzerdaten und das Kommunikationsdatum als Kategorien auf Sie beziehbarer Daten.<\/span><span style=\"font-weight: 400;\"><br \/><\/span><\/p><p><strong>8.3. Rechtsgrundlage<\/strong><\/p><p><span style=\"font-weight: 400;\">Die Rechtsgrundlage ist die Durchf\u00fchrung erforderlicher vorvertraglicher Ma\u00dfnahmen und Erf\u00fcllung von Vertr\u00e4gen gem. Art. 6 Abs. 1 UAbs. 1 lit. b DS-GVO.<\/span><span style=\"font-weight: 400;\"><br \/><\/span><\/p><p><strong>8.4. Erforderlichkeit<\/strong><\/p><p><span style=\"font-weight: 400;\">Die Verarbeitung der oben genannten auf Sie beziehbaren Daten ist erforderlich f\u00fcr die Bearbeitung Ihrer Anfrage. Falls Sie uns die oben genannten auf Sie beziehbaren Daten nicht zur Verf\u00fcgung stellen, k\u00f6nnen wir Ihre Anfrage nicht bearbeiten.<\/span><span style=\"font-weight: 400;\"><br \/><\/span><\/p><p><strong>8.5. Speicherdauer<\/strong><\/p><p><span style=\"font-weight: 400;\">Die Speicherdauer ist bei angemeldetem Konto bis zur L\u00f6schung der Daten innerhalb des Kontos durch den Nutzer oder bis zur L\u00f6schung des gesamten Kontos durch den Nutzer sowie 5 Jahre f\u00fcr technisch notwendige Cookies. Ohne angemeldetes Konto betr\u00e4gt die Speicherdauer 5 Jahre f\u00fcr technisch notwendige Cookies.<\/span><\/p><p><strong>8.6. Empf\u00e4nger<\/strong><\/p><p><span style=\"font-weight: 400;\">Die oben genannten auf Sie beziehbaren Daten werden an die Meta Platforms Ireland Limited, 4 Grand Canal Place Grand Canal Harbour, Dublin 2, 2 Irland, und die Meta Platforms, Inc., 1 Hacker Way Menlo Park, California 94025, CA, USA, \u00fcbermittelt.<\/span><\/p><p><span style=\"font-weight: 400;\">Die oben genannten auf Sie beziehbaren Daten werden in die USA als Drittland mit Angemessenheitsbeschluss gem. Art. 45 DS-GVO \u00fcbermittelt.<\/span><\/p><p><strong>8.7. Weitere Informationen \u00fcber Gemeinsame Verantwortlichkeit<\/strong><\/p><p><span style=\"font-weight: 400;\">Wir haben mit der Meta Platforms Ireland Limited, 4 Grand Canal Place Grand Canal Harbour, Dublin 2, 2 Irland eine Vereinbarung \u00fcber die gemeinsame Verantwortlichkeit getroffen: <\/span><a href=\"https:\/\/www.facebook.com\/legal\/terms\/page_controller_addendum\"><span style=\"font-weight: 400;\">https:\/\/www.facebook.com\/legal\/terms\/page_controller_addendum<\/span><\/a><span style=\"font-weight: 400;\">.<\/span><\/p><p><span style=\"font-weight: 400;\">Das Unternehmen \u00fcbernimmt gem\u00e4\u00df dieser Vereinbarung die Erf\u00fcllung der Transparenzpflichten und Sie k\u00f6nnen sich hier \u00fcber die Verarbeitung Ihrer personenbezogenen Daten informieren: <\/span><a href=\"https:\/\/www.facebook.com\/legal\/terms\/information_about_page_insights_data\"><span style=\"font-weight: 400;\">https:\/\/www.facebook.com\/legal\/terms\/information_about_page_insights_data<\/span><\/a><span style=\"font-weight: 400;\">.<\/span><\/p>\t\t\t\t\t\t\t\t<\/div>\n\t\t\t\t<\/div>\n\t\t\t\t<\/div>\n\t\t\t\t\t<\/details>\n\t\t\t\t\t\t<details id=\"e-n-accordion-item-4312\" class=\"e-n-accordion-item\" >\n\t\t\t\t<summary class=\"e-n-accordion-item-title\" data-accordion-index=\"3\" tabindex=\"-1\" aria-expanded=\"false\" aria-controls=\"e-n-accordion-item-4312\" >\n\t\t\t\t\t<span class='e-n-accordion-item-title-header'><div class=\"e-n-accordion-item-title-text\"> 9. LinkedIn-Pr\u00e4senz <\/div><\/span>\n\t\t\t\t\t\t\t<span class='e-n-accordion-item-title-icon'>\n\t\t\t<span class='e-opened' ><i aria-hidden=\"true\" class=\"fas fa-minus\"><\/i><\/span>\n\t\t\t<span class='e-closed'><i aria-hidden=\"true\" class=\"fas fa-plus\"><\/i><\/span>\n\t\t<\/span>\n\n\t\t\t\t\t\t<\/summary>\n\t\t\t\t<div role=\"region\" aria-labelledby=\"e-n-accordion-item-4312\" class=\"elementor-element elementor-element-2bf715c e-con-full e-flex e-con e-child\" data-id=\"2bf715c\" data-element_type=\"container\" data-e-type=\"container\">\n\t\t\t\t<div class=\"elementor-element elementor-element-d3f4b8e elementor-widget elementor-widget-text-editor\" data-id=\"d3f4b8e\" data-element_type=\"widget\" data-e-type=\"widget\" data-widget_type=\"text-editor.default\">\n\t\t\t\t<div class=\"elementor-widget-container\">\n\t\t\t\t\t\t\t\t\t<p><strong>9.1. Zwecke<\/strong><\/p><p><span style=\"font-weight: 400;\">Diese Verarbeitung dient der Au\u00dfendarstellung unseres Unternehmens.<\/span><span style=\"font-weight: 400;\"><br \/><\/span><\/p><p><strong>9.2. Datenarten<\/strong><\/p><p><span style=\"font-weight: 400;\">Wir verarbeiten dabei die von Ihnen zur Verf\u00fcgung gestellten Anfrageinhalte, Ihre Benutzerdaten und das Kommunikationsdatum als Kategorien auf Sie beziehbarer Daten.<\/span><span style=\"font-weight: 400;\"><br \/><\/span><\/p><p><strong>9.3. Rechtsgrundlage<\/strong><\/p><p><span style=\"font-weight: 400;\">Die Rechtsgrundlage ist die Durchf\u00fchrung erforderlicher vorvertraglicher Ma\u00dfnahmen und Erf\u00fcllung von Vertr\u00e4gen gem. Art. 6 Abs. 1 UAbs. 1 lit. b DS-GVO.<\/span><\/p><p><strong>9.4. Erforderlichkeit<\/strong><\/p><p><span style=\"font-weight: 400;\">Die Verarbeitung der oben genannten auf Sie beziehbaren Daten ist erforderlich f\u00fcr die Bearbeitung Ihrer Anfrage. Falls Sie uns die oben genannten auf Sie beziehbaren Daten nicht zur Verf\u00fcgung stellen, k\u00f6nnen wir Ihre Anfrage nicht bearbeiten.<\/span><\/p><p><strong>9.5. Speicherdauer<\/strong><\/p><p><span style=\"font-weight: 400;\">Die Speicherdauer ist bei angemeldetem Konto bis zur L\u00f6schung des gesamten Kontos durch den Nutzer sowie technisch notwendige Cookies, bis diese vom Nutzer oder Browser gel\u00f6scht werden. Ohne ein angemeldetes Konto werden technisch notwendige Cookies bis zur L\u00f6schung im Browser durch den Betroffenen gespeichert.<\/span><\/p><p><strong>9.6. Empf\u00e4nger<\/strong><\/p><p><span style=\"font-weight: 400;\">Die oben genannten auf Sie beziehbaren Daten werden an die LinkedIn Ireland Unlimited Company, Gardner House, Wilton Plaza, Wilton Place, Dublin 2, Irland, und die LinkedIn Corporation, 1000 West Maude Avenue, Sunnyvale, CA 94085, USA, \u00fcbermittelt.<\/span><\/p><p><span style=\"font-weight: 400;\">Die oben genannten auf Sie beziehbaren Daten werden in die USA als Drittland mit Angemessenheitsbeschluss gem. Art. 45 DS-GVO \u00fcbermittelt.<\/span><\/p><p><strong>9.7. Weitere Informationen \u00fcber Gemeinsame Verantwortlichkeit<\/strong><\/p><p><span style=\"font-weight: 400;\">Wir haben mit LinkedIn Ireland Unlimited Company, Gardner House, Wilton Plaza, Wilton Place, Dublin 2, Irland eine Vereinbarung \u00fcber die gemeinsame Verantwortlichkeit getroffen: <\/span><a href=\"https:\/\/legal.linkedin.com\/pages-joint-controller-addendum\"><span style=\"font-weight: 400;\">https:\/\/legal.linkedin.com\/pages-joint-controller-addendum<\/span><\/a><span style=\"font-weight: 400;\">.<\/span><\/p><p><span style=\"font-weight: 400;\">Das Unternehmen \u00fcbernimmt gem\u00e4\u00df dieser Vereinbarung die Erf\u00fcllung der Transparenzpflichten und Sie k\u00f6nnen sich hier \u00fcber die Verarbeitung Ihrer personenbezogenen Daten informieren: <\/span><a href=\"https:\/\/legal.linkedin.com\/pages-joint-controller-addendum\"><span style=\"font-weight: 400;\">https:\/\/legal.linkedin.com\/pages-joint-controller-addendum<\/span><\/a><span style=\"font-weight: 400;\">.<\/span><\/p>\t\t\t\t\t\t\t\t<\/div>\n\t\t\t\t<\/div>\n\t\t\t\t<\/div>\n\t\t\t\t\t<\/details>\n\t\t\t\t\t\t<details id=\"e-n-accordion-item-4313\" class=\"e-n-accordion-item\" >\n\t\t\t\t<summary class=\"e-n-accordion-item-title\" data-accordion-index=\"4\" tabindex=\"-1\" aria-expanded=\"false\" aria-controls=\"e-n-accordion-item-4313\" >\n\t\t\t\t\t<span class='e-n-accordion-item-title-header'><div class=\"e-n-accordion-item-title-text\"> 10. Pinterest-Pr\u00e4senz <\/div><\/span>\n\t\t\t\t\t\t\t<span class='e-n-accordion-item-title-icon'>\n\t\t\t<span class='e-opened' ><i aria-hidden=\"true\" class=\"fas fa-minus\"><\/i><\/span>\n\t\t\t<span class='e-closed'><i aria-hidden=\"true\" class=\"fas fa-plus\"><\/i><\/span>\n\t\t<\/span>\n\n\t\t\t\t\t\t<\/summary>\n\t\t\t\t<div role=\"region\" aria-labelledby=\"e-n-accordion-item-4313\" class=\"elementor-element elementor-element-904e959 e-con-full e-flex e-con e-child\" data-id=\"904e959\" data-element_type=\"container\" data-e-type=\"container\">\n\t\t\t\t<div class=\"elementor-element elementor-element-1ab5600 elementor-widget elementor-widget-text-editor\" data-id=\"1ab5600\" data-element_type=\"widget\" data-e-type=\"widget\" data-widget_type=\"text-editor.default\">\n\t\t\t\t<div class=\"elementor-widget-container\">\n\t\t\t\t\t\t\t\t\t<p><strong>10.1. Zwecke<\/strong><\/p><p><span style=\"font-weight: 400;\">Diese Verarbeitung dient der Au\u00dfendarstellung unseres Unternehmens.<\/span><span style=\"font-weight: 400;\"><br \/><\/span><\/p><p><strong>10.2. Datenarten<\/strong><\/p><p><span style=\"font-weight: 400;\">Wir verarbeiten dabei die von Ihnen zur Verf\u00fcgung gestellten Anfrageinhalte, Ihre Benutzerdaten und das Kommunikationsdatum als Kategorien auf Sie beziehbarer Daten.<\/span><\/p><p><strong>10.3. Rechtsgrundlage<\/strong><\/p><p><span style=\"font-weight: 400;\">Die Rechtsgrundlage ist die Durchf\u00fchrung erforderlicher vorvertraglicher Ma\u00dfnahmen und Erf\u00fcllung von Vertr\u00e4gen gem. Art. 6 Abs. 1 UAbs. 1 lit. b DS-GVO.<\/span><span style=\"font-weight: 400;\"><br \/><\/span><\/p><p><strong>10.4. Erforderlichkeit<\/strong><\/p><p><span style=\"font-weight: 400;\">Die Verarbeitung der oben genannten auf Sie beziehbaren Daten ist erforderlich f\u00fcr die Bearbeitung Ihrer Anfrage. Falls Sie uns die oben genannten auf Sie beziehbaren Daten nicht zur Verf\u00fcgung stellen, k\u00f6nnen wir Ihre Anfrage nicht bearbeiten.<\/span><\/p><p><strong>10.5. Speicherdauer<\/strong><\/p><p><span style=\"font-weight: 400;\">Die Speicherdauer ist bis zur L\u00f6schung der Daten innerhalb des Kontos durch den Nutzer oder bis zur L\u00f6schung des gesamten Kontos durch den Nutzer sowie bei Sitzungscookies bis zur Schlie\u00dfung der Browsersitzung und bei permanenten Cookies bis zur L\u00f6schung der Daten im Browser durch den Betroffenen.<\/span><span style=\"font-weight: 400;\"><br \/><\/span><\/p><p><strong>10.6. Empf\u00e4nger<\/strong><\/p><p><span style=\"font-weight: 400;\">Die oben genannten auf Sie beziehbaren Daten werden an die Pinterest Europe Ltd., Palmerston House, 2nd Floor, Fenian Street, Dublin 2, Irland, \u00fcbermittelt.<\/span><\/p><p><span style=\"font-weight: 400;\">Die oben genannten auf Sie beziehbaren Daten werden in die USA als Drittland mit Angemessenheitsbeschluss gem. Art. 45 DS-GVO \u00fcbermittelt.<\/span><\/p>\t\t\t\t\t\t\t\t<\/div>\n\t\t\t\t<\/div>\n\t\t\t\t<\/div>\n\t\t\t\t\t<\/details>\n\t\t\t\t\t\t<details id=\"e-n-accordion-item-4314\" class=\"e-n-accordion-item\" >\n\t\t\t\t<summary class=\"e-n-accordion-item-title\" data-accordion-index=\"5\" tabindex=\"-1\" aria-expanded=\"false\" aria-controls=\"e-n-accordion-item-4314\" >\n\t\t\t\t\t<span class='e-n-accordion-item-title-header'><div class=\"e-n-accordion-item-title-text\"> 11. TikTok-Pr\u00e4senz <\/div><\/span>\n\t\t\t\t\t\t\t<span class='e-n-accordion-item-title-icon'>\n\t\t\t<span class='e-opened' ><i aria-hidden=\"true\" class=\"fas fa-minus\"><\/i><\/span>\n\t\t\t<span class='e-closed'><i aria-hidden=\"true\" class=\"fas fa-plus\"><\/i><\/span>\n\t\t<\/span>\n\n\t\t\t\t\t\t<\/summary>\n\t\t\t\t<div role=\"region\" aria-labelledby=\"e-n-accordion-item-4314\" class=\"elementor-element elementor-element-cc98e5c e-con-full e-flex e-con e-child\" data-id=\"cc98e5c\" data-element_type=\"container\" data-e-type=\"container\">\n\t\t\t\t<div class=\"elementor-element elementor-element-0be996f elementor-widget elementor-widget-text-editor\" data-id=\"0be996f\" data-element_type=\"widget\" data-e-type=\"widget\" data-widget_type=\"text-editor.default\">\n\t\t\t\t<div class=\"elementor-widget-container\">\n\t\t\t\t\t\t\t\t\t<p><strong>11.1. Zwecke<\/strong><\/p><p><span style=\"font-weight: 400;\">Diese Verarbeitung dient der Au\u00dfendarstellung unseres Unternehmens.<\/span><\/p><p><strong>11.2. Datenarten<\/strong><\/p><p><span style=\"font-weight: 400;\">Wir verarbeiten dabei die von Ihnen zur Verf\u00fcgung gestellten Anfrageinhalte, Ihre Benutzerdaten und das Kommunikationsdatum als Kategorien auf Sie beziehbarer Daten.<\/span><\/p><p><strong>11.3. Rechtsgrundlage<\/strong><\/p><p><span style=\"font-weight: 400;\">Die Rechtsgrundlage der Mimatest GmbH ist die Durchf\u00fchrung erforderlicher vorvertraglicher Ma\u00dfnahmen und Erf\u00fcllung von Vertr\u00e4gen gem. Art. 6 Abs. 1 UAbs. 1 lit. b DS-GVO.<\/span><\/p><p><strong>11.4. Erforderlichkeit<\/strong><\/p><p><span style=\"font-weight: 400;\">Die Verarbeitung der oben genannten auf Sie beziehbaren Daten ist erforderlich f\u00fcr die Bearbeitung Ihrer Anfrage. Falls Sie uns die oben genannten auf Sie beziehbaren Daten nicht zur Verf\u00fcgung stellen, k\u00f6nnen wir Ihre Anfrage nicht bearbeiten.<\/span><\/p><p><strong>11.5. Speicherdauer<\/strong><\/p><p><span style=\"font-weight: 400;\">Die Speicherdauer ist 18 Monate.<\/span><\/p><p><strong>11.6. Empf\u00e4nger<\/strong><\/p><p><span style=\"font-weight: 400;\">Die oben genannten auf Sie beziehbaren Daten werden an die TikTok Information Technologies UK,125 Kingsway, London, WC2B 6NH, Vereinigtes K\u00f6nigreich, und die TikTok Technology Limited, 10 Earlsfort Terr., Dublin, D02 T380, Irland.<\/span><\/p><p><span style=\"font-weight: 400;\">Die oben genannten auf Sie beziehbaren Daten werden ins Vereinigte K\u00f6nigreich und nach S\u00fcdkorea als Drittl\u00e4nder mit Angemessenheitsbeschluss gem. Art. 45 DS-GVO \u00fcbermittelt.<\/span><\/p><p><span style=\"font-weight: 400;\">Ihre Daten werden in folgende Drittl\u00e4nder ohne Angemessenheitsbeschluss \u00fcbermittelt: USA, Singapur und Russland. Die Rechtsgrundlage f\u00fcr \u00dcbermittlung Ihrer Daten in die zuvor genannten Drittl\u00e4nder ohne Angemessenheitsbeschluss sind Standardvertragsklauseln gem. Art. 46 DS-GVO. Das Unternehmen bietet geeignete Garantien f\u00fcr den Datenschutz, die Sie auf Anfrage an datenschutz@dermanostic.com einsehen k\u00f6nnen.<\/span><span style=\"font-weight: 400;\"><br \/><\/span><\/p><p><strong>11.7. Weitere Informationen \u00fcber Gemeinsame Verantwortlichkeit<\/strong><\/p><p><span style=\"font-weight: 400;\">Wir haben mit TikTok Information Technologies UK,125 Kingsway, London, WC2B 6NH, Vereinigtes K\u00f6nigreich, und TikTok Technology Limited, 10 Earlsfort Terr., Dublin, D02 T380, Irland eine Vereinbarung \u00fcber die gemeinsame Verantwortlichkeit getroffen: <\/span><a href=\"https:\/\/ads.tiktok.com\/i18n\/official\/policy\/jurisdiction-specific-terms\"><span style=\"font-weight: 400;\">https:\/\/ads.tiktok.com\/i18n\/official\/policy\/jurisdiction-specific-terms<\/span><\/a><span style=\"font-weight: 400;\">.<\/span><\/p><p><span style=\"font-weight: 400;\">Das Unternehmen \u00fcbernimmt gem\u00e4\u00df dieser Vereinbarung die Erf\u00fcllung der Transparenzpflichten und Sie k\u00f6nnen sich hier \u00fcber die Verarbeitung Ihrer personenbezogenen Daten informieren: <\/span><a href=\"https:\/\/ads.tiktok.com\/i18n\/official\/policy\/jurisdiction-specific-terms\"><span style=\"font-weight: 400;\">https:\/\/ads.tiktok.com\/i18n\/official\/policy\/jurisdiction-specific-terms<\/span><\/a><span style=\"font-weight: 400;\">.<\/span><\/p>\t\t\t\t\t\t\t\t<\/div>\n\t\t\t\t<\/div>\n\t\t\t\t<\/div>\n\t\t\t\t\t<\/details>\n\t\t\t\t\t\t<details id=\"e-n-accordion-item-4315\" class=\"e-n-accordion-item\" >\n\t\t\t\t<summary class=\"e-n-accordion-item-title\" data-accordion-index=\"6\" tabindex=\"-1\" aria-expanded=\"false\" aria-controls=\"e-n-accordion-item-4315\" >\n\t\t\t\t\t<span class='e-n-accordion-item-title-header'><div class=\"e-n-accordion-item-title-text\"> 12. Spotify-Pr\u00e4senz <\/div><\/span>\n\t\t\t\t\t\t\t<span class='e-n-accordion-item-title-icon'>\n\t\t\t<span class='e-opened' ><i aria-hidden=\"true\" class=\"fas fa-minus\"><\/i><\/span>\n\t\t\t<span class='e-closed'><i aria-hidden=\"true\" class=\"fas fa-plus\"><\/i><\/span>\n\t\t<\/span>\n\n\t\t\t\t\t\t<\/summary>\n\t\t\t\t<div role=\"region\" aria-labelledby=\"e-n-accordion-item-4315\" class=\"elementor-element elementor-element-c8b3a6e e-con-full e-flex e-con e-child\" data-id=\"c8b3a6e\" data-element_type=\"container\" data-e-type=\"container\">\n\t\t\t\t<div class=\"elementor-element elementor-element-627c1d1 elementor-widget elementor-widget-text-editor\" data-id=\"627c1d1\" data-element_type=\"widget\" data-e-type=\"widget\" data-widget_type=\"text-editor.default\">\n\t\t\t\t<div class=\"elementor-widget-container\">\n\t\t\t\t\t\t\t\t\t<p><strong>12.1. Zwecke<\/strong><\/p><p><span style=\"font-weight: 400;\">Diese Verarbeitung dient der Au\u00dfendarstellung unseres Unternehmens.<\/span><\/p><p><strong>12.2. Datenarten<\/strong><\/p><p><span style=\"font-weight: 400;\">Wir verarbeiten dabei die von Ihnen zur Verf\u00fcgung gestellten Anfrageinhalte, Ihre Benutzerdaten und das Kommunikationsdatum als Kategorien auf Sie beziehbarer Daten.<\/span><\/p><p><strong>12.3. Rechtsgrundlage<\/strong><\/p><p><span style=\"font-weight: 400;\">Die Rechtsgrundlage ist die Durchf\u00fchrung erforderlicher vorvertraglicher Ma\u00dfnahmen und Erf\u00fcllung von Vertr\u00e4gen gem. Art. 6 Abs. 1 UAbs. 1 lit. b DS-GVO.<\/span><\/p><p><strong>12.4. Erforderlichkeit<\/strong><\/p><p><span style=\"font-weight: 400;\">Die Verarbeitung der oben genannten auf Sie beziehbaren Daten ist erforderlich f\u00fcr die Bearbeitung Ihrer Anfrage. Falls Sie uns die oben genannten auf Sie beziehbaren Daten nicht zur Verf\u00fcgung stellen, k\u00f6nnen wir Ihre Anfrage nicht bearbeiten.<\/span><\/p><p><strong><span style=\"font-size: 16px;\">12.5. Speicherdauer<\/span><\/strong><\/p><p><span style=\"font-weight: 400;\">Die Speicherdauer ist bei angemeldetem Konto bis zur L\u00f6schung der Daten innerhalb des Kontos durch den Nutzer oder bis zur L\u00f6schung des gesamten Kontos durch den Nutzer sowie technisch notwendige Cookies bis diese vom Nutzer oder Browser gel\u00f6scht werden. Ohne ein angemeldetes Konto werden technisch notwendige Cookies bis zur L\u00f6schung durch den Nutzer oder Browser gespeichert.<\/span><\/p><p><strong>12.6. Empf\u00e4nger<\/strong><\/p><p><span style=\"font-weight: 400;\">Die oben genannten auf Sie beziehbaren Daten werden an die Spotify AB, Regeringsgatan 19, 111 53 Stockholm, Schweden, und die Spotify USA Inc., 150 Greenwich Street, Floor 62, New York, NY 10007, USA, \u00fcbermittelt.<\/span><\/p><p><span style=\"font-weight: 400;\">Die oben genannten auf Sie beziehbaren Daten werden in die USA als Drittland mit Angemessenheitsbeschluss gem. Art. 45 DS-GVO \u00fcbermittelt.<\/span><\/p>\t\t\t\t\t\t\t\t<\/div>\n\t\t\t\t<\/div>\n\t\t\t\t<\/div>\n\t\t\t\t\t<\/details>\n\t\t\t\t\t\t<details id=\"e-n-accordion-item-4316\" class=\"e-n-accordion-item\" >\n\t\t\t\t<summary class=\"e-n-accordion-item-title\" data-accordion-index=\"7\" tabindex=\"-1\" aria-expanded=\"false\" aria-controls=\"e-n-accordion-item-4316\" >\n\t\t\t\t\t<span class='e-n-accordion-item-title-header'><div class=\"e-n-accordion-item-title-text\"> 13. Youtube-Kanal <\/div><\/span>\n\t\t\t\t\t\t\t<span class='e-n-accordion-item-title-icon'>\n\t\t\t<span class='e-opened' ><i aria-hidden=\"true\" class=\"fas fa-minus\"><\/i><\/span>\n\t\t\t<span class='e-closed'><i aria-hidden=\"true\" class=\"fas fa-plus\"><\/i><\/span>\n\t\t<\/span>\n\n\t\t\t\t\t\t<\/summary>\n\t\t\t\t<div role=\"region\" aria-labelledby=\"e-n-accordion-item-4316\" class=\"elementor-element elementor-element-5012685 e-con-full e-flex e-con e-child\" data-id=\"5012685\" data-element_type=\"container\" data-e-type=\"container\">\n\t\t\t\t<div class=\"elementor-element elementor-element-09b9abf elementor-widget elementor-widget-text-editor\" data-id=\"09b9abf\" data-element_type=\"widget\" data-e-type=\"widget\" data-widget_type=\"text-editor.default\">\n\t\t\t\t<div class=\"elementor-widget-container\">\n\t\t\t\t\t\t\t\t\t<p><strong>13.1. Zwecke<\/strong><\/p><p><span style=\"font-weight: 400;\">Diese Verarbeitung dient der Au\u00dfendarstellung unseres Unternehmens.<\/span><\/p><p><strong>13.2. Datenarten<\/strong><\/p><p><span style=\"font-weight: 400;\">Wir verarbeiten dabei folgende Kategorien auf Sie beziehbarer Daten: Audio- und audiovisuelle Inhalte.<\/span><\/p><p><strong>13.3. Rechtsgrundlage<\/strong><\/p><p><span style=\"font-weight: 400;\">Die Rechtsgrundlage ist die Durchf\u00fchrung erforderlicher vorvertraglicher Ma\u00dfnahmen und Erf\u00fcllung von Vertr\u00e4gen gem. Art. 6 Abs. 1 UAbs. 1 lit. b DS-GVO.<\/span><\/p><p><strong>13.4. Erforderlichkeit<\/strong><\/p><p><span style=\"font-weight: 400;\">Die Verarbeitung der oben genannten auf Sie beziehbaren Daten ist erforderlich f\u00fcr die Bearbeitung Ihrer Anfrage. Falls Sie uns die oben genannten auf Sie beziehbaren Daten nicht zur Verf\u00fcgung stellen, k\u00f6nnen wir Ihre Anfrage nicht bearbeiten.<\/span><\/p><p><strong>13.5. Speicherdauer<\/strong><\/p><p><span style=\"font-weight: 400;\">Die Speicherdauer ist bis zur L\u00f6schung des YouTube-Kanals.<\/span><\/p><p><strong>13.6. Empf\u00e4nger<\/strong><\/p><p><span style=\"font-weight: 400;\">Die oben genannten auf Sie beziehbaren Daten werden an die Alphabet, Inc., 901 Cherry Ave., San Bruno, CA 94066, USA, \u00fcbermittelt.<\/span><\/p><p><span style=\"font-weight: 400;\">Die oben genannten auf Sie beziehbaren Daten werden in die USA als Drittland mit Angemessenheitsbeschluss gem. Art. 45 DS-GVO \u00fcbermittelt.<\/span><\/p>\t\t\t\t\t\t\t\t<\/div>\n\t\t\t\t<\/div>\n\t\t\t\t<\/div>\n\t\t\t\t\t<\/details>\n\t\t\t\t\t<\/div>\n\t\t\t\t\t\t<\/div>\n\t\t\t\t<\/div>\n\t\t\t\t<div class=\"elementor-element elementor-element-3aa7602 elementor-widget elementor-widget-heading\" data-id=\"3aa7602\" data-element_type=\"widget\" data-e-type=\"widget\" data-widget_type=\"heading.default\">\n\t\t\t\t<div class=\"elementor-widget-container\">\n\t\t\t\t\t<h3 class=\"elementor-heading-title elementor-size-default\">Betroffenenrechte<\/h3>\t\t\t\t<\/div>\n\t\t\t\t<\/div>\n\t\t\t\t<div class=\"elementor-element elementor-element-e12b911 elementor-widget elementor-widget-text-editor\" data-id=\"e12b911\" data-element_type=\"widget\" data-e-type=\"widget\" data-widget_type=\"text-editor.default\">\n\t\t\t\t<div class=\"elementor-widget-container\">\n\t\t\t\t\t\t\t\t\t<p><span style=\"font-weight: 400;\">Der Datenschutz r\u00e4umt Ihnen als betroffene Person Rechte \u00fcber den Umgang mit auf Sie beziehbaren Daten ein. Wir gew\u00e4hrleisten Ihnen die Umsetzung Ihrer uns gegen\u00fcber bestehenden Betroffenenrechte. Mehr dazu erfahren Sie in diesem Abschnitt.<\/span><\/p>\t\t\t\t\t\t\t\t<\/div>\n\t\t\t\t<\/div>\n\t\t\t\t<div class=\"elementor-element elementor-element-bc76417 elementor-widget elementor-widget-n-accordion\" data-id=\"bc76417\" data-element_type=\"widget\" data-e-type=\"widget\" data-settings=\"{&quot;default_state&quot;:&quot;all_collapsed&quot;,&quot;max_items_expended&quot;:&quot;one&quot;,&quot;n_accordion_animation_duration&quot;:{&quot;unit&quot;:&quot;ms&quot;,&quot;size&quot;:400,&quot;sizes&quot;:[]}}\" data-widget_type=\"nested-accordion.default\">\n\t\t\t\t<div class=\"elementor-widget-container\">\n\t\t\t\t\t\t\t<div class=\"e-n-accordion\" aria-label=\"Accordion. Open links with Enter or Space, close with Escape, and navigate with Arrow Keys\">\n\t\t\t\t\t\t<details id=\"e-n-accordion-item-1970\" class=\"e-n-accordion-item\" >\n\t\t\t\t<summary class=\"e-n-accordion-item-title\" data-accordion-index=\"1\" tabindex=\"0\" aria-expanded=\"false\" aria-controls=\"e-n-accordion-item-1970\" >\n\t\t\t\t\t<span class='e-n-accordion-item-title-header'><div class=\"e-n-accordion-item-title-text\"> 14. Ihre Betroffenenrechte <\/div><\/span>\n\t\t\t\t\t\t\t<span class='e-n-accordion-item-title-icon'>\n\t\t\t<span class='e-opened' ><i aria-hidden=\"true\" class=\"fas fa-minus\"><\/i><\/span>\n\t\t\t<span class='e-closed'><i aria-hidden=\"true\" class=\"fas fa-plus\"><\/i><\/span>\n\t\t<\/span>\n\n\t\t\t\t\t\t<\/summary>\n\t\t\t\t<div role=\"region\" aria-labelledby=\"e-n-accordion-item-1970\" class=\"elementor-element elementor-element-51c03c3 e-con-full e-flex e-con e-child\" data-id=\"51c03c3\" data-element_type=\"container\" data-e-type=\"container\">\n\t\t\t\t<div class=\"elementor-element elementor-element-4e3ee37 elementor-widget elementor-widget-text-editor\" data-id=\"4e3ee37\" data-element_type=\"widget\" data-e-type=\"widget\" data-widget_type=\"text-editor.default\">\n\t\t\t\t<div class=\"elementor-widget-container\">\n\t\t\t\t\t\t\t\t\t<p><span style=\"font-weight: 400;\">Sie haben gegen\u00fcber uns folgende Rechte hinsichtlich der Sie betreffenden personenbezogenen Daten:<\/span><\/p><ul><li style=\"font-weight: 400;\" aria-level=\"1\"><span style=\"font-weight: 400;\">Recht auf Auskunft sowie auf Erhalt einer Kopie Ihrer Daten,<\/span><\/li><li style=\"font-weight: 400;\" aria-level=\"1\"><span style=\"font-weight: 400;\">Recht auf Berichtigung,<\/span><\/li><li style=\"font-weight: 400;\" aria-level=\"1\"><span style=\"font-weight: 400;\">Recht auf L\u00f6schung und auf Vergessenwerden,<\/span><\/li><li style=\"font-weight: 400;\" aria-level=\"1\"><span style=\"font-weight: 400;\">Recht auf Einschr\u00e4nkung der Verarbeitung,<\/span><\/li><li style=\"font-weight: 400;\" aria-level=\"1\"><span style=\"font-weight: 400;\">Recht auf Widerspruch gegen die Verarbeitung,<\/span><\/li><li style=\"font-weight: 400;\" aria-level=\"1\"><span style=\"font-weight: 400;\">Recht auf Daten\u00fcbertragbarkeit.<\/span><\/li><\/ul><p><span style=\"font-weight: 400;\">Sie haben zudem das Recht, sich bei einer Datenschutz-Aufsichtsbeh\u00f6rde \u00fcber die Verarbeitung Ihrer personenbezogenen Daten durch uns zu beschweren.<\/span><\/p>\t\t\t\t\t\t\t\t<\/div>\n\t\t\t\t<\/div>\n\t\t\t\t<\/div>\n\t\t\t\t\t<\/details>\n\t\t\t\t\t\t<details id=\"e-n-accordion-item-1971\" class=\"e-n-accordion-item\" >\n\t\t\t\t<summary class=\"e-n-accordion-item-title\" data-accordion-index=\"2\" tabindex=\"-1\" aria-expanded=\"false\" aria-controls=\"e-n-accordion-item-1971\" >\n\t\t\t\t\t<span class='e-n-accordion-item-title-header'><div class=\"e-n-accordion-item-title-text\"> 15. Betroffenenmanagement <\/div><\/span>\n\t\t\t\t\t\t\t<span class='e-n-accordion-item-title-icon'>\n\t\t\t<span class='e-opened' ><i aria-hidden=\"true\" class=\"fas fa-minus\"><\/i><\/span>\n\t\t\t<span class='e-closed'><i aria-hidden=\"true\" class=\"fas fa-plus\"><\/i><\/span>\n\t\t<\/span>\n\n\t\t\t\t\t\t<\/summary>\n\t\t\t\t<div role=\"region\" aria-labelledby=\"e-n-accordion-item-1971\" class=\"elementor-element elementor-element-5672261 e-con-full e-flex e-con e-child\" data-id=\"5672261\" data-element_type=\"container\" data-e-type=\"container\">\n\t\t\t\t<div class=\"elementor-element elementor-element-cc778e5 elementor-widget elementor-widget-text-editor\" data-id=\"cc778e5\" data-element_type=\"widget\" data-e-type=\"widget\" data-widget_type=\"text-editor.default\">\n\t\t\t\t<div class=\"elementor-widget-container\">\n\t\t\t\t\t\t\t\t\t<p><strong>15.1. Zwecke<\/strong><\/p><p><span style=\"font-weight: 400;\">Diese Verarbeitung dient dem datenschutzkonformen Umgang mit Betroffenenrechten.<\/span><\/p><p><strong>15.2. Datenarten<\/strong><\/p><p><span style=\"font-weight: 400;\">Wir verarbeiten dabei alle Kategorien von Daten als Kategorien auf Sie beziehbarer Daten.<\/span><\/p><p><strong>Rechtsgrundlage<\/strong><\/p><p><span style=\"font-weight: 400;\">Die Rechtsgrundlage der Mimatest GmbH ist Art. 6 Abs. 1 UAbs. 1 lit. c DS-GVO i. V. m. Kap. III DS\u2011GVO.<\/span><\/p><p><strong>15.3. Erforderlichkeit<\/strong><\/p><p><span style=\"font-weight: 400;\">Die Verarbeitung der oben genannten auf Sie beziehbaren Daten ist erforderlich f\u00fcr die Erf\u00fcllung unserer gesetzlichen Pflichten.<\/span><\/p><p><strong>15.4. Speicherdauer<\/strong><\/p><p><span style=\"font-weight: 400;\">Die Speicherdauer der Mimatest GmbH ist drei Jahre.<\/span><\/p><p><strong>15.5. Empf\u00e4nger<\/strong><\/p><p><span style=\"font-weight: 400;\">Die oben genannten auf Sie beziehbaren Daten werden \u00fcbermittelt an unseren externen Datenschutzbeauftragten <\/span><span style=\"font-weight: 400;\">XXXXXXXXXXXXXXX<\/span> <a href=\"mailto:datenschutz@mimatest.net\"><span style=\"font-weight: 400;\">datenschutz@mimatest.net<\/span><\/a><span style=\"font-weight: 400;\">\u00a0\u00fcbermittelt.<\/span><\/p>\t\t\t\t\t\t\t\t<\/div>\n\t\t\t\t<\/div>\n\t\t\t\t<\/div>\n\t\t\t\t\t<\/details>\n\t\t\t\t\t<\/div>\n\t\t\t\t\t\t<\/div>\n\t\t\t\t<\/div>\n\t\t\t\t<\/div>\n\t\t\t\t<\/div>","protected":false},"excerpt":{"rendered":"<p>Datenschutzhinweise Liebe Besucherin, lieber Besucher dieser Website, der Schutz Ihrer personenbezogenen Daten ist nicht nur Ihnen, sondern auch uns, den [&hellip;]<\/p>\n","protected":false},"author":1,"featured_media":0,"parent":0,"menu_order":0,"comment_status":"closed","ping_status":"closed","template":"","meta":{"site-sidebar-layout":"no-sidebar","site-content-layout":"","ast-site-content-layout":"full-width-container","site-content-style":"default","site-sidebar-style":"default","ast-global-header-display":"","ast-banner-title-visibility":"","ast-main-header-display":"","ast-hfb-above-header-display":"","ast-hfb-below-header-display":"","ast-hfb-mobile-header-display":"","site-post-title":"disabled","ast-breadcrumbs-content":"","ast-featured-img":"disabled","footer-sml-layout":"","ast-disable-related-posts":"","theme-transparent-header-meta":"disabled","adv-header-id-meta":"","stick-header-meta":"","header-above-stick-meta":"","header-main-stick-meta":"","header-below-stick-meta":"","astra-migrate-meta-layouts":"default","ast-page-background-enabled":"default","ast-page-background-meta":{"desktop":{"background-color":"var(--ast-global-color-4)","background-image":"","background-repeat":"repeat","background-position":"center center","background-size":"auto","background-attachment":"scroll","background-type":"","background-media":"","overlay-type":"","overlay-color":"","overlay-opacity":"","overlay-gradient":""},"tablet":{"background-color":"","background-image":"","background-repeat":"repeat","background-position":"center center","background-size":"auto","background-attachment":"scroll","background-type":"","background-media":"","overlay-type":"","overlay-color":"","overlay-opacity":"","overlay-gradient":""},"mobile":{"background-color":"","background-image":"","background-repeat":"repeat","background-position":"center center","background-size":"auto","background-attachment":"scroll","background-type":"","background-media":"","overlay-type":"","overlay-color":"","overlay-opacity":"","overlay-gradient":""}},"ast-content-background-meta":{"desktop":{"background-color":"var(--ast-global-color-5)","background-image":"","background-repeat":"repeat","background-position":"center center","background-size":"auto","background-attachment":"scroll","background-type":"","background-media":"","overlay-type":"","overlay-color":"","overlay-opacity":"","overlay-gradient":""},"tablet":{"background-color":"var(--ast-global-color-5)","background-image":"","background-repeat":"repeat","background-position":"center center","background-size":"auto","background-attachment":"scroll","background-type":"","background-media":"","overlay-type":"","overlay-color":"","overlay-opacity":"","overlay-gradient":""},"mobile":{"background-color":"var(--ast-global-color-5)","background-image":"","background-repeat":"repeat","background-position":"center center","background-size":"auto","background-attachment":"scroll","background-type":"","background-media":"","overlay-type":"","overlay-color":"","overlay-opacity":"","overlay-gradient":""}},"footnotes":""},"class_list":["post-1709","page","type-page","status-publish","hentry"],"yoast_head":"<!-- This site is optimized with the Yoast SEO plugin v27.4 - https:\/\/yoast.com\/product\/yoast-seo-wordpress\/ -->\n<title>Datenschutzerkl\u00e4rung - Mimatest\u00ae<\/title>\n<meta name=\"robots\" content=\"index, follow, max-snippet:-1, max-image-preview:large, max-video-preview:-1\" \/>\n<link rel=\"canonical\" href=\"https:\/\/mimatest.net\/en\/datenschutzerklaerung\/\" \/>\n<meta property=\"og:locale\" content=\"en_GB\" \/>\n<meta property=\"og:type\" content=\"article\" \/>\n<meta property=\"og:title\" content=\"Datenschutzerkl\u00e4rung - Mimatest\u00ae\" \/>\n<meta property=\"og:description\" content=\"Datenschutzhinweise Liebe Besucherin, lieber Besucher dieser Website, der Schutz Ihrer personenbezogenen Daten ist nicht nur Ihnen, sondern auch uns, den [&hellip;]\" \/>\n<meta property=\"og:url\" content=\"https:\/\/mimatest.net\/en\/datenschutzerklaerung\/\" \/>\n<meta property=\"og:site_name\" content=\"Mimatest\u00ae\" \/>\n<meta property=\"article:modified_time\" content=\"2025-09-25T07:44:19+00:00\" \/>\n<meta name=\"twitter:card\" content=\"summary_large_image\" \/>\n<meta name=\"twitter:label1\" content=\"Estimated reading time\" \/>\n\t<meta name=\"twitter:data1\" content=\"33 minutes\" \/>\n<script type=\"application\/ld+json\" class=\"yoast-schema-graph\">{\"@context\":\"https:\\\/\\\/schema.org\",\"@graph\":[{\"@type\":\"WebPage\",\"@id\":\"https:\\\/\\\/mimatest.net\\\/datenschutzerklaerung\\\/\",\"url\":\"https:\\\/\\\/mimatest.net\\\/datenschutzerklaerung\\\/\",\"name\":\"Datenschutzerkl\u00e4rung - Mimatest\u00ae\",\"isPartOf\":{\"@id\":\"https:\\\/\\\/mimatest.net\\\/#website\"},\"datePublished\":\"2024-05-07T16:33:07+00:00\",\"dateModified\":\"2025-09-25T07:44:19+00:00\",\"breadcrumb\":{\"@id\":\"https:\\\/\\\/mimatest.net\\\/datenschutzerklaerung\\\/#breadcrumb\"},\"inLanguage\":\"en-GB\",\"potentialAction\":[{\"@type\":\"ReadAction\",\"target\":[\"https:\\\/\\\/mimatest.net\\\/datenschutzerklaerung\\\/\"]}]},{\"@type\":\"BreadcrumbList\",\"@id\":\"https:\\\/\\\/mimatest.net\\\/datenschutzerklaerung\\\/#breadcrumb\",\"itemListElement\":[{\"@type\":\"ListItem\",\"position\":1,\"name\":\"Home\",\"item\":\"https:\\\/\\\/mimatest.net\\\/\"},{\"@type\":\"ListItem\",\"position\":2,\"name\":\"Datenschutzerkl\u00e4rung\"}]},{\"@type\":\"WebSite\",\"@id\":\"https:\\\/\\\/mimatest.net\\\/#website\",\"url\":\"https:\\\/\\\/mimatest.net\\\/\",\"name\":\"Mimatest\u00ae\",\"description\":\"Minimalinvasiver Trockenbluttest zur Analyse der Mikrobiota des D\u00fcnndarms\",\"publisher\":{\"@id\":\"https:\\\/\\\/mimatest.net\\\/#organization\"},\"potentialAction\":[{\"@type\":\"SearchAction\",\"target\":{\"@type\":\"EntryPoint\",\"urlTemplate\":\"https:\\\/\\\/mimatest.net\\\/?s={search_term_string}\"},\"query-input\":{\"@type\":\"PropertyValueSpecification\",\"valueRequired\":true,\"valueName\":\"search_term_string\"}}],\"inLanguage\":\"en-GB\"},{\"@type\":\"Organization\",\"@id\":\"https:\\\/\\\/mimatest.net\\\/#organization\",\"name\":\"Mimatest\u00ae\",\"url\":\"https:\\\/\\\/mimatest.net\\\/\",\"logo\":{\"@type\":\"ImageObject\",\"inLanguage\":\"en-GB\",\"@id\":\"https:\\\/\\\/mimatest.net\\\/#\\\/schema\\\/logo\\\/image\\\/\",\"url\":\"https:\\\/\\\/mimatest.net\\\/wp-content\\\/uploads\\\/2023\\\/10\\\/mimatest_logo.svg\",\"contentUrl\":\"https:\\\/\\\/mimatest.net\\\/wp-content\\\/uploads\\\/2023\\\/10\\\/mimatest_logo.svg\",\"width\":670,\"height\":117,\"caption\":\"Mimatest\u00ae\"},\"image\":{\"@id\":\"https:\\\/\\\/mimatest.net\\\/#\\\/schema\\\/logo\\\/image\\\/\"}}]}<\/script>\n<!-- \/ Yoast SEO plugin. -->","yoast_head_json":{"title":"Datenschutzerkl\u00e4rung - Mimatest\u00ae","robots":{"index":"index","follow":"follow","max-snippet":"max-snippet:-1","max-image-preview":"max-image-preview:large","max-video-preview":"max-video-preview:-1"},"canonical":"https:\/\/mimatest.net\/en\/datenschutzerklaerung\/","og_locale":"en_GB","og_type":"article","og_title":"Datenschutzerkl\u00e4rung - Mimatest\u00ae","og_description":"Datenschutzhinweise Liebe Besucherin, lieber Besucher dieser Website, der Schutz Ihrer personenbezogenen Daten ist nicht nur Ihnen, sondern auch uns, den [&hellip;]","og_url":"https:\/\/mimatest.net\/en\/datenschutzerklaerung\/","og_site_name":"Mimatest\u00ae","article_modified_time":"2025-09-25T07:44:19+00:00","twitter_card":"summary_large_image","twitter_misc":{"Estimated reading time":"33 minutes"},"schema":{"@context":"https:\/\/schema.org","@graph":[{"@type":"WebPage","@id":"https:\/\/mimatest.net\/datenschutzerklaerung\/","url":"https:\/\/mimatest.net\/datenschutzerklaerung\/","name":"Datenschutzerkl\u00e4rung - Mimatest\u00ae","isPartOf":{"@id":"https:\/\/mimatest.net\/#website"},"datePublished":"2024-05-07T16:33:07+00:00","dateModified":"2025-09-25T07:44:19+00:00","breadcrumb":{"@id":"https:\/\/mimatest.net\/datenschutzerklaerung\/#breadcrumb"},"inLanguage":"en-GB","potentialAction":[{"@type":"ReadAction","target":["https:\/\/mimatest.net\/datenschutzerklaerung\/"]}]},{"@type":"BreadcrumbList","@id":"https:\/\/mimatest.net\/datenschutzerklaerung\/#breadcrumb","itemListElement":[{"@type":"ListItem","position":1,"name":"Home","item":"https:\/\/mimatest.net\/"},{"@type":"ListItem","position":2,"name":"Datenschutzerkl\u00e4rung"}]},{"@type":"WebSite","@id":"https:\/\/mimatest.net\/#website","url":"https:\/\/mimatest.net\/","name":"Mimatest\u00ae","description":"Minimalinvasiver Trockenbluttest zur Analyse der Mikrobiota des D\u00fcnndarms","publisher":{"@id":"https:\/\/mimatest.net\/#organization"},"potentialAction":[{"@type":"SearchAction","target":{"@type":"EntryPoint","urlTemplate":"https:\/\/mimatest.net\/?s={search_term_string}"},"query-input":{"@type":"PropertyValueSpecification","valueRequired":true,"valueName":"search_term_string"}}],"inLanguage":"en-GB"},{"@type":"Organization","@id":"https:\/\/mimatest.net\/#organization","name":"Mimatest\u00ae","url":"https:\/\/mimatest.net\/","logo":{"@type":"ImageObject","inLanguage":"en-GB","@id":"https:\/\/mimatest.net\/#\/schema\/logo\/image\/","url":"https:\/\/mimatest.net\/wp-content\/uploads\/2023\/10\/mimatest_logo.svg","contentUrl":"https:\/\/mimatest.net\/wp-content\/uploads\/2023\/10\/mimatest_logo.svg","width":670,"height":117,"caption":"Mimatest\u00ae"},"image":{"@id":"https:\/\/mimatest.net\/#\/schema\/logo\/image\/"}}]}},"_links":{"self":[{"href":"https:\/\/mimatest.net\/en\/wp-json\/wp\/v2\/pages\/1709","targetHints":{"allow":["GET"]}}],"collection":[{"href":"https:\/\/mimatest.net\/en\/wp-json\/wp\/v2\/pages"}],"about":[{"href":"https:\/\/mimatest.net\/en\/wp-json\/wp\/v2\/types\/page"}],"author":[{"embeddable":true,"href":"https:\/\/mimatest.net\/en\/wp-json\/wp\/v2\/users\/1"}],"replies":[{"embeddable":true,"href":"https:\/\/mimatest.net\/en\/wp-json\/wp\/v2\/comments?post=1709"}],"version-history":[{"count":63,"href":"https:\/\/mimatest.net\/en\/wp-json\/wp\/v2\/pages\/1709\/revisions"}],"predecessor-version":[{"id":2621,"href":"https:\/\/mimatest.net\/en\/wp-json\/wp\/v2\/pages\/1709\/revisions\/2621"}],"wp:attachment":[{"href":"https:\/\/mimatest.net\/en\/wp-json\/wp\/v2\/media?parent=1709"}],"curies":[{"name":"wp","href":"https:\/\/api.w.org\/{rel}","templated":true}]}}